{"id":1914,"date":"2024-11-18T10:40:35","date_gmt":"2024-11-18T09:40:35","guid":{"rendered":"http:\/\/y.pixelkoenige.de\/?post_type=testimonial&#038;p=1914"},"modified":"2024-11-28T16:45:41","modified_gmt":"2024-11-28T15:45:41","slug":"interdisziplinaere-zusammenarbeit","status":"publish","type":"testimonial","link":"https:\/\/yverkehrsplanung.de\/en\/testimonial\/interdisziplinaere-zusammenarbeit\/","title":{"rendered":"Thomas Winter (CEO)"},"content":{"rendered":"<p><span data-olk-copy-source=\"MessageBody\">\u201eDurch die interdisziplin\u00e4re Zusammenarbeit und den fachlich fundierten Austausch in Forschungsprojekten konnten wir innovative Softwarel\u00f6sungen f\u00fcr eine nachhaltige und zukunftsorientierte Mobilit\u00e4t entwickeln.\u201c<\/span><\/p>\n","protected":false},"featured_media":0,"template":"","meta":{"_acf_changed":false},"class_list":["post-1914","testimonial","type-testimonial","status-publish","hentry","no-post-thumbnail"],"acf":[],"yoast_head":"<!-- This site is optimized with the Yoast SEO plugin v27.2 - https:\/\/yoast.com\/product\/yoast-seo-wordpress\/ -->\n<title>Thomas Winter (CEO) | yverkehrsplanung<\/title>\n<meta name=\"description\" content=\"interdisziplin\u00e4r Zusammenarbeit\" \/>\n<meta name=\"robots\" content=\"index, follow, max-snippet:-1, max-image-preview:large, max-video-preview:-1\" \/>\n<link rel=\"canonical\" href=\"https:\/\/yverkehrsplanung.de\/en\/testimonial\/interdisziplinaere-zusammenarbeit\/\" \/>\n<meta property=\"og:locale\" content=\"en_US\" \/>\n<meta property=\"og:type\" content=\"article\" \/>\n<meta property=\"og:title\" content=\"Thomas Winter (CEO) | yverkehrsplanung\" \/>\n<meta property=\"og:description\" content=\"interdisziplin\u00e4r Zusammenarbeit\" \/>\n<meta property=\"og:url\" content=\"https:\/\/yverkehrsplanung.de\/en\/testimonial\/interdisziplinaere-zusammenarbeit\/\" \/>\n<meta property=\"og:site_name\" content=\"yverkehrsplanung\" \/>\n<meta property=\"article:modified_time\" content=\"2024-11-28T15:45:41+00:00\" \/>\n<meta property=\"og:image\" content=\"https:\/\/yverkehrsplanung.de\/wp-content\/uploads\/2024\/10\/favicon.png\" \/>\n\t<meta property=\"og:image:width\" content=\"512\" \/>\n\t<meta property=\"og:image:height\" content=\"512\" \/>\n\t<meta property=\"og:image:type\" content=\"image\/png\" \/>\n<meta name=\"twitter:card\" content=\"summary_large_image\" \/>\n<meta name=\"twitter:label1\" content=\"Est. reading time\" \/>\n\t<meta name=\"twitter:data1\" content=\"1 minute\" \/>\n<script type=\"application\/ld+json\" class=\"yoast-schema-graph\">{\"@context\":\"https:\/\/schema.org\",\"@graph\":[{\"@type\":\"WebPage\",\"@id\":\"https:\/\/yverkehrsplanung.de\/en\/testimonial\/interdisziplinaere-zusammenarbeit\/\",\"url\":\"https:\/\/yverkehrsplanung.de\/en\/testimonial\/interdisziplinaere-zusammenarbeit\/\",\"name\":\"Thomas Winter (CEO) | yverkehrsplanung\",\"isPartOf\":{\"@id\":\"https:\/\/yverkehrsplanung.de\/en\/#website\"},\"datePublished\":\"2024-11-18T09:40:35+00:00\",\"dateModified\":\"2024-11-28T15:45:41+00:00\",\"description\":\"interdisziplin\u00e4r Zusammenarbeit\",\"breadcrumb\":{\"@id\":\"https:\/\/yverkehrsplanung.de\/en\/testimonial\/interdisziplinaere-zusammenarbeit\/#breadcrumb\"},\"inLanguage\":\"en-US\",\"potentialAction\":[{\"@type\":\"ReadAction\",\"target\":[\"https:\/\/yverkehrsplanung.de\/en\/testimonial\/interdisziplinaere-zusammenarbeit\/\"]}]},{\"@type\":\"BreadcrumbList\",\"@id\":\"https:\/\/yverkehrsplanung.de\/en\/testimonial\/interdisziplinaere-zusammenarbeit\/#breadcrumb\",\"itemListElement\":[{\"@type\":\"ListItem\",\"position\":1,\"name\":\"Startseite\",\"item\":\"https:\/\/yverkehrsplanung.de\/en\/startseite-2\/\"},{\"@type\":\"ListItem\",\"position\":2,\"name\":\"Thomas Winter (CEO)\"}]},{\"@type\":\"WebSite\",\"@id\":\"https:\/\/yverkehrsplanung.de\/en\/#website\",\"url\":\"https:\/\/yverkehrsplanung.de\/en\/\",\"name\":\"yverkehrsplanung\",\"description\":\"\",\"potentialAction\":[{\"@type\":\"SearchAction\",\"target\":{\"@type\":\"EntryPoint\",\"urlTemplate\":\"https:\/\/yverkehrsplanung.de\/en\/?s={search_term_string}\"},\"query-input\":{\"@type\":\"PropertyValueSpecification\",\"valueRequired\":true,\"valueName\":\"search_term_string\"}}],\"inLanguage\":\"en-US\"}]}<\/script>\n<!-- \/ Yoast SEO plugin. -->","yoast_head_json":{"title":"Thomas Winter (CEO) | yverkehrsplanung","description":"interdisziplin\u00e4r Zusammenarbeit","robots":{"index":"index","follow":"follow","max-snippet":"max-snippet:-1","max-image-preview":"max-image-preview:large","max-video-preview":"max-video-preview:-1"},"canonical":"https:\/\/yverkehrsplanung.de\/en\/testimonial\/interdisziplinaere-zusammenarbeit\/","og_locale":"en_US","og_type":"article","og_title":"Thomas Winter (CEO) | yverkehrsplanung","og_description":"interdisziplin\u00e4r Zusammenarbeit","og_url":"https:\/\/yverkehrsplanung.de\/en\/testimonial\/interdisziplinaere-zusammenarbeit\/","og_site_name":"yverkehrsplanung","article_modified_time":"2024-11-28T15:45:41+00:00","og_image":[{"width":512,"height":512,"url":"https:\/\/yverkehrsplanung.de\/wp-content\/uploads\/2024\/10\/favicon.png","type":"image\/png"}],"twitter_card":"summary_large_image","twitter_misc":{"Est. reading time":"1 minute"},"schema":{"@context":"https:\/\/schema.org","@graph":[{"@type":"WebPage","@id":"https:\/\/yverkehrsplanung.de\/en\/testimonial\/interdisziplinaere-zusammenarbeit\/","url":"https:\/\/yverkehrsplanung.de\/en\/testimonial\/interdisziplinaere-zusammenarbeit\/","name":"Thomas Winter (CEO) | yverkehrsplanung","isPartOf":{"@id":"https:\/\/yverkehrsplanung.de\/en\/#website"},"datePublished":"2024-11-18T09:40:35+00:00","dateModified":"2024-11-28T15:45:41+00:00","description":"interdisziplin\u00e4r Zusammenarbeit","breadcrumb":{"@id":"https:\/\/yverkehrsplanung.de\/en\/testimonial\/interdisziplinaere-zusammenarbeit\/#breadcrumb"},"inLanguage":"en-US","potentialAction":[{"@type":"ReadAction","target":["https:\/\/yverkehrsplanung.de\/en\/testimonial\/interdisziplinaere-zusammenarbeit\/"]}]},{"@type":"BreadcrumbList","@id":"https:\/\/yverkehrsplanung.de\/en\/testimonial\/interdisziplinaere-zusammenarbeit\/#breadcrumb","itemListElement":[{"@type":"ListItem","position":1,"name":"Startseite","item":"https:\/\/yverkehrsplanung.de\/en\/startseite-2\/"},{"@type":"ListItem","position":2,"name":"Thomas Winter (CEO)"}]},{"@type":"WebSite","@id":"https:\/\/yverkehrsplanung.de\/en\/#website","url":"https:\/\/yverkehrsplanung.de\/en\/","name":"yverkehrsplanung","description":"","potentialAction":[{"@type":"SearchAction","target":{"@type":"EntryPoint","urlTemplate":"https:\/\/yverkehrsplanung.de\/en\/?s={search_term_string}"},"query-input":{"@type":"PropertyValueSpecification","valueRequired":true,"valueName":"search_term_string"}}],"inLanguage":"en-US"}]}},"_links":{"self":[{"href":"https:\/\/yverkehrsplanung.de\/en\/wp-json\/wp\/v2\/testimonial\/1914","targetHints":{"allow":["GET"]}}],"collection":[{"href":"https:\/\/yverkehrsplanung.de\/en\/wp-json\/wp\/v2\/testimonial"}],"about":[{"href":"https:\/\/yverkehrsplanung.de\/en\/wp-json\/wp\/v2\/types\/testimonial"}],"wp:attachment":[{"href":"https:\/\/yverkehrsplanung.de\/en\/wp-json\/wp\/v2\/media?parent=1914"}],"curies":[{"name":"wp","href":"https:\/\/api.w.org\/{rel}","templated":true}]}}