{"id":1936,"date":"2024-11-20T11:16:10","date_gmt":"2024-11-20T10:16:10","guid":{"rendered":"http:\/\/y.pixelkoenige.de\/?post_type=testimonial&#038;p=1936"},"modified":"2024-11-22T15:04:56","modified_gmt":"2024-11-22T14:04:56","slug":"joerg-heckel-auenkamp","status":"publish","type":"testimonial","link":"https:\/\/yverkehrsplanung.de\/en\/testimonial\/joerg-heckel-auenkamp\/","title":{"rendered":"J\u00f6rg Heckel, Projektleiter f\u00fcr das Projekt Auenkamp"},"content":{"rendered":"<p class=\"x_MsoNormal\"><span data-olk-copy-source=\"MessageBody\">\u201eDie vertrauensvolle Zusammenarbeit mit der yverkehrsplanung GmbH war eine Basis f\u00fcr das Gelingen unseres <a href=\"https:\/\/kowo.de\/component\/content\/article\/891-kowo-baut-neues-wohnquartier?catid=8&amp;Itemid=101\">zukunftsorientierten Projektes<\/a>. Dank der innovativen Ans\u00e4tze konnten wir eine nachhaltige Verkehrsl\u00f6sung finden, die sowohl einen Mehrwert f\u00fcr unsere Mieter bieten soll und vor allem auch umweltfreundlich ist.<\/span> Die yverkehrsplanung GmbH hat uns durch kreative Ideen, professionelle Beratung und eine praxisorientierte Umsetzung \u00fcberzeugt. Ihre l\u00f6sungsorientierte Arbeitsweise und ihr Engagement haben uns dabei unterst\u00fctzt, ein Konzept zu realisieren, das nicht nur heute, sondern auch langfristig Bestand hat.\u201c<\/p>\n","protected":false},"featured_media":0,"template":"","meta":{"_acf_changed":false},"class_list":["post-1936","testimonial","type-testimonial","status-publish","hentry","no-post-thumbnail"],"acf":[],"yoast_head":"<!-- This site is optimized with the Yoast SEO plugin v27.2 - https:\/\/yoast.com\/product\/yoast-seo-wordpress\/ -->\n<title>J\u00f6rg Heckel, Projektleiter f\u00fcr das Projekt Auenkamp | yverkehrsplanung<\/title>\n<meta name=\"description\" content=\"J\u00f6rg Heckel: vertrauensvolle Zusammenarbeit mit der yverkehrsplanung GmbH war Basis f\u00fcr das Gelingen unseres zukunftsorientierten Projektes.\" \/>\n<meta name=\"robots\" content=\"index, follow, max-snippet:-1, max-image-preview:large, max-video-preview:-1\" \/>\n<link rel=\"canonical\" href=\"https:\/\/yverkehrsplanung.de\/en\/testimonial\/joerg-heckel-auenkamp\/\" \/>\n<meta property=\"og:locale\" content=\"en_US\" \/>\n<meta property=\"og:type\" content=\"article\" \/>\n<meta property=\"og:title\" content=\"J\u00f6rg Heckel, Projektleiter f\u00fcr das Projekt Auenkamp | yverkehrsplanung\" \/>\n<meta property=\"og:description\" content=\"J\u00f6rg Heckel: vertrauensvolle Zusammenarbeit mit der yverkehrsplanung GmbH war Basis f\u00fcr das Gelingen unseres zukunftsorientierten Projektes.\" \/>\n<meta property=\"og:url\" content=\"https:\/\/yverkehrsplanung.de\/en\/testimonial\/joerg-heckel-auenkamp\/\" \/>\n<meta property=\"og:site_name\" content=\"yverkehrsplanung\" \/>\n<meta property=\"article:modified_time\" content=\"2024-11-22T14:04:56+00:00\" \/>\n<meta property=\"og:image\" content=\"https:\/\/yverkehrsplanung.de\/wp-content\/uploads\/2024\/10\/favicon.png\" \/>\n\t<meta property=\"og:image:width\" content=\"512\" \/>\n\t<meta property=\"og:image:height\" content=\"512\" \/>\n\t<meta property=\"og:image:type\" content=\"image\/png\" \/>\n<meta name=\"twitter:card\" content=\"summary_large_image\" \/>\n<meta name=\"twitter:label1\" content=\"Est. reading time\" \/>\n\t<meta name=\"twitter:data1\" content=\"1 minute\" \/>\n<script type=\"application\/ld+json\" class=\"yoast-schema-graph\">{\"@context\":\"https:\/\/schema.org\",\"@graph\":[{\"@type\":\"WebPage\",\"@id\":\"https:\/\/yverkehrsplanung.de\/en\/testimonial\/joerg-heckel-auenkamp\/\",\"url\":\"https:\/\/yverkehrsplanung.de\/en\/testimonial\/joerg-heckel-auenkamp\/\",\"name\":\"J\u00f6rg Heckel, Projektleiter f\u00fcr das Projekt Auenkamp | yverkehrsplanung\",\"isPartOf\":{\"@id\":\"https:\/\/yverkehrsplanung.de\/en\/#website\"},\"datePublished\":\"2024-11-20T10:16:10+00:00\",\"dateModified\":\"2024-11-22T14:04:56+00:00\",\"description\":\"J\u00f6rg Heckel: vertrauensvolle Zusammenarbeit mit der yverkehrsplanung GmbH war Basis f\u00fcr das Gelingen unseres zukunftsorientierten Projektes.\",\"breadcrumb\":{\"@id\":\"https:\/\/yverkehrsplanung.de\/en\/testimonial\/joerg-heckel-auenkamp\/#breadcrumb\"},\"inLanguage\":\"en-US\",\"potentialAction\":[{\"@type\":\"ReadAction\",\"target\":[\"https:\/\/yverkehrsplanung.de\/en\/testimonial\/joerg-heckel-auenkamp\/\"]}]},{\"@type\":\"BreadcrumbList\",\"@id\":\"https:\/\/yverkehrsplanung.de\/en\/testimonial\/joerg-heckel-auenkamp\/#breadcrumb\",\"itemListElement\":[{\"@type\":\"ListItem\",\"position\":1,\"name\":\"Startseite\",\"item\":\"https:\/\/yverkehrsplanung.de\/en\/startseite-2\/\"},{\"@type\":\"ListItem\",\"position\":2,\"name\":\"J\u00f6rg Heckel, Projektleiter f\u00fcr das Projekt Auenkamp\"}]},{\"@type\":\"WebSite\",\"@id\":\"https:\/\/yverkehrsplanung.de\/en\/#website\",\"url\":\"https:\/\/yverkehrsplanung.de\/en\/\",\"name\":\"yverkehrsplanung\",\"description\":\"\",\"potentialAction\":[{\"@type\":\"SearchAction\",\"target\":{\"@type\":\"EntryPoint\",\"urlTemplate\":\"https:\/\/yverkehrsplanung.de\/en\/?s={search_term_string}\"},\"query-input\":{\"@type\":\"PropertyValueSpecification\",\"valueRequired\":true,\"valueName\":\"search_term_string\"}}],\"inLanguage\":\"en-US\"}]}<\/script>\n<!-- \/ Yoast SEO plugin. -->","yoast_head_json":{"title":"J\u00f6rg Heckel, Projektleiter f\u00fcr das Projekt Auenkamp | yverkehrsplanung","description":"J\u00f6rg Heckel: vertrauensvolle Zusammenarbeit mit der yverkehrsplanung GmbH war Basis f\u00fcr das Gelingen unseres zukunftsorientierten Projektes.","robots":{"index":"index","follow":"follow","max-snippet":"max-snippet:-1","max-image-preview":"max-image-preview:large","max-video-preview":"max-video-preview:-1"},"canonical":"https:\/\/yverkehrsplanung.de\/en\/testimonial\/joerg-heckel-auenkamp\/","og_locale":"en_US","og_type":"article","og_title":"J\u00f6rg Heckel, Projektleiter f\u00fcr das Projekt Auenkamp | yverkehrsplanung","og_description":"J\u00f6rg Heckel: vertrauensvolle Zusammenarbeit mit der yverkehrsplanung GmbH war Basis f\u00fcr das Gelingen unseres zukunftsorientierten Projektes.","og_url":"https:\/\/yverkehrsplanung.de\/en\/testimonial\/joerg-heckel-auenkamp\/","og_site_name":"yverkehrsplanung","article_modified_time":"2024-11-22T14:04:56+00:00","og_image":[{"width":512,"height":512,"url":"https:\/\/yverkehrsplanung.de\/wp-content\/uploads\/2024\/10\/favicon.png","type":"image\/png"}],"twitter_card":"summary_large_image","twitter_misc":{"Est. reading time":"1 minute"},"schema":{"@context":"https:\/\/schema.org","@graph":[{"@type":"WebPage","@id":"https:\/\/yverkehrsplanung.de\/en\/testimonial\/joerg-heckel-auenkamp\/","url":"https:\/\/yverkehrsplanung.de\/en\/testimonial\/joerg-heckel-auenkamp\/","name":"J\u00f6rg Heckel, Projektleiter f\u00fcr das Projekt Auenkamp | yverkehrsplanung","isPartOf":{"@id":"https:\/\/yverkehrsplanung.de\/en\/#website"},"datePublished":"2024-11-20T10:16:10+00:00","dateModified":"2024-11-22T14:04:56+00:00","description":"J\u00f6rg Heckel: vertrauensvolle Zusammenarbeit mit der yverkehrsplanung GmbH war Basis f\u00fcr das Gelingen unseres zukunftsorientierten Projektes.","breadcrumb":{"@id":"https:\/\/yverkehrsplanung.de\/en\/testimonial\/joerg-heckel-auenkamp\/#breadcrumb"},"inLanguage":"en-US","potentialAction":[{"@type":"ReadAction","target":["https:\/\/yverkehrsplanung.de\/en\/testimonial\/joerg-heckel-auenkamp\/"]}]},{"@type":"BreadcrumbList","@id":"https:\/\/yverkehrsplanung.de\/en\/testimonial\/joerg-heckel-auenkamp\/#breadcrumb","itemListElement":[{"@type":"ListItem","position":1,"name":"Startseite","item":"https:\/\/yverkehrsplanung.de\/en\/startseite-2\/"},{"@type":"ListItem","position":2,"name":"J\u00f6rg Heckel, Projektleiter f\u00fcr das Projekt Auenkamp"}]},{"@type":"WebSite","@id":"https:\/\/yverkehrsplanung.de\/en\/#website","url":"https:\/\/yverkehrsplanung.de\/en\/","name":"yverkehrsplanung","description":"","potentialAction":[{"@type":"SearchAction","target":{"@type":"EntryPoint","urlTemplate":"https:\/\/yverkehrsplanung.de\/en\/?s={search_term_string}"},"query-input":{"@type":"PropertyValueSpecification","valueRequired":true,"valueName":"search_term_string"}}],"inLanguage":"en-US"}]}},"_links":{"self":[{"href":"https:\/\/yverkehrsplanung.de\/en\/wp-json\/wp\/v2\/testimonial\/1936","targetHints":{"allow":["GET"]}}],"collection":[{"href":"https:\/\/yverkehrsplanung.de\/en\/wp-json\/wp\/v2\/testimonial"}],"about":[{"href":"https:\/\/yverkehrsplanung.de\/en\/wp-json\/wp\/v2\/types\/testimonial"}],"wp:attachment":[{"href":"https:\/\/yverkehrsplanung.de\/en\/wp-json\/wp\/v2\/media?parent=1936"}],"curies":[{"name":"wp","href":"https:\/\/api.w.org\/{rel}","templated":true}]}}